{"id":185,"date":"2021-02-09T09:39:07","date_gmt":"2021-02-09T12:39:07","guid":{"rendered":"https:\/\/codimat.com.ar\/destacados2021\/?page_id=185"},"modified":"2022-01-24T10:09:51","modified_gmt":"2022-01-24T13:09:51","slug":"responsabilidad-social-empresarial","status":"publish","type":"page","link":"https:\/\/codimat.com.ar\/destacados2021\/responsabilidad-social-empresarial\/","title":{"rendered":"Responsabilidad Social Empresarial"},"content":{"rendered":"<p>[et_pb_section fb_built=\u00bb1&#8243; custom_padding_last_edited=\u00bbon|desktop\u00bb admin_label=\u00bbRelated Articles\u00bb _builder_version=\u00bb3.26.7&#8243; background_color=\u00bb#2d2d2d\u00bb custom_padding=\u00bb||||false|false\u00bb custom_padding_tablet=\u00bb||2%||false|false\u00bb custom_padding_phone=\u00bb\u00bb global_colors_info=\u00bb{}\u00bb][et_pb_row _builder_version=\u00bb3.27.3&#8243; global_colors_info=\u00bb{}\u00bb][et_pb_column type=\u00bb4_4&#8243; _builder_version=\u00bb3.27.3&#8243; global_colors_info=\u00bb{}\u00bb][et_pb_text _builder_version=\u00bb4.14.4&#8243; header_2_font=\u00bbMontserrat|700||on|||||\u00bb header_2_font_size=\u00bb40px\u00bb header_2_line_height=\u00bb1.2em\u00bb background_layout=\u00bbdark\u00bb max_width_tablet=\u00bb90%\u00bb max_width_phone=\u00bb90%\u00bb max_width_last_edited=\u00bboff|desktop\u00bb custom_margin=\u00bb||0px||false|false\u00bb custom_margin_tablet=\u00bb||0px||false|false\u00bb custom_margin_phone=\u00bb||0px||false|false\u00bb custom_margin_last_edited=\u00bbon|phone\u00bb animation_style=\u00bbflip\u00bb header_2_font_size_tablet=\u00bb30px\u00bb header_2_font_size_phone=\u00bb20px\u00bb header_2_font_size_last_edited=\u00bbon|desktop\u00bb locked=\u00bboff\u00bb global_colors_info=\u00bb{}\u00bb]<\/p>\n<h2>Responsabilidad social empresarial<\/h2>\n<p>[\/et_pb_text][et_pb_text _builder_version=\u00bb4.14.4&#8243; header_2_font=\u00bbMontserrat|700||on|||||\u00bb header_2_text_color=\u00bb#E02B20&#8243; header_2_font_size=\u00bb30px\u00bb header_2_line_height=\u00bb1.2em\u00bb background_layout=\u00bbdark\u00bb max_width_tablet=\u00bb\u00bb max_width_phone=\u00bb\u00bb max_width_last_edited=\u00bbon|phone\u00bb animation_style=\u00bbflip\u00bb header_2_font_size_tablet=\u00bb25px\u00bb header_2_font_size_phone=\u00bb16px\u00bb header_2_font_size_last_edited=\u00bbon|phone\u00bb locked=\u00bboff\u00bb global_colors_info=\u00bb{}\u00bb]<\/p>\n<h2>Una meta, un objetivo, un desaf\u00edo<\/h2>\n<p>[\/et_pb_text][et_pb_divider divider_weight=\u00bb3px\u00bb _builder_version=\u00bb3.26.7&#8243; width=\u00bb30%\u00bb animation_style=\u00bbslide\u00bb animation_direction=\u00bbright\u00bb global_colors_info=\u00bb{}\u00bb][\/et_pb_divider][\/et_pb_column][\/et_pb_row][\/et_pb_section][et_pb_section fb_built=\u00bb1&#8243; _builder_version=\u00bb3.26.7&#8243; background_color=\u00bb#f4f4f4&#8243; custom_padding=\u00bb2%||||false|false\u00bb global_colors_info=\u00bb{}\u00bb][et_pb_row _builder_version=\u00bb3.26.7&#8243; global_colors_info=\u00bb{}\u00bb][et_pb_column type=\u00bb4_4&#8243; _builder_version=\u00bb3.26.7&#8243; global_colors_info=\u00bb{}\u00bb][et_pb_text _builder_version=\u00bb4.14.4&#8243; text_font_size=\u00bb16px\u00bb text_line_height=\u00bb1.8em\u00bb text_orientation=\u00bbjustify\u00bb module_alignment=\u00bbcenter\u00bb animation_style=\u00bbfade\u00bb text_text_align=\u00bbjustify\u00bb locked=\u00bboff\u00bb global_colors_info=\u00bb{}\u00bb]<\/p>\n<p><span style=\"font-weight: 400;\">Sin duda, en el concierto internacional, el mundo de las empresas y su vinculaci\u00f3n con su entorno est\u00e1 cambiando. <\/span><span style=\"font-weight: 400;\">Ya no son suficientes la filantrop\u00eda, ni la participaci\u00f3n solidaria en acciones desperdigadas, ef\u00edmeras y puntuales.\u00a0<\/span><\/p>\n<p><span style=\"font-weight: 400;\">La Responsabilidad Social Empresarial (privada) como la Corporativa (para organismos oficiales, ONGs) se est\u00e1 transformando y requiere otro protagonismo. <\/span><span style=\"font-weight: 400;\">Es muy interesante ver que es un concepto que ha ido cambiando con el tiempo, y no surgi\u00f3 de una declaraci\u00f3n, ley o resoluci\u00f3n. Fue producto de un proceso luego de algunos sucesos (Asociacionismo, Cooperativismo, Revoluci\u00f3n Industrial, Segunda Guerra Mundial, Informe Brundtland de la ONU, etc.)<\/span><\/p>\n<p><span style=\"font-weight: 400;\">Se dec\u00eda, y era una definici\u00f3n aceptada, que <strong>la RSE era <em>\u00abuna contribuci\u00f3n activa y voluntaria al mejoramiento de la comunidad\u00bb<\/em><\/strong>. <\/span><span style=\"font-weight: 400;\">Una especie de filantrop\u00eda, como dijimos; era destinar fondos casi como una obligaci\u00f3n para \u201csalvar el pellejo\u201d de las cr\u00edticas pero sin un programa elaborado.<\/span><\/p>\n<p><span style=\"font-weight: 400;\">Nosotros comenzamos as\u00ed y no est\u00e1 mal que as\u00ed haya sido (donaciones, solidaridad), pero sin tener en cuenta los impactos\u00a0 que produce en todo su entorno\u00a0 (En los interesados o stakeholders). <\/span><span style=\"font-weight: 400;\">No hab\u00eda protagonismo.\u00a0 Era cumplir socialmente.<\/span><\/p>\n<p>[\/et_pb_text][\/et_pb_column][\/et_pb_row][\/et_pb_section][et_pb_section fb_built=\u00bb1&#8243; _builder_version=\u00bb3.27.3&#8243; global_colors_info=\u00bb{}\u00bb][et_pb_row _builder_version=\u00bb3.26.7&#8243; animation_style=\u00bbfade\u00bb global_colors_info=\u00bb{}\u00bb][et_pb_column type=\u00bb4_4&#8243; _builder_version=\u00bb3.27.3&#8243; global_colors_info=\u00bb{}\u00bb][et_pb_text quote_border_color=\u00bb#000000&#8243; _builder_version=\u00bb4.14.4&#8243; text_font_size=\u00bb20px\u00bb text_line_height=\u00bb1.8em\u00bb quote_font=\u00bb|600|||||||\u00bb quote_text_color=\u00bb#000000&#8243; text_orientation=\u00bbjustify\u00bb module_alignment=\u00bbcenter\u00bb text_font_size_tablet=\u00bb18px\u00bb text_font_size_phone=\u00bb16px\u00bb text_font_size_last_edited=\u00bbon|desktop\u00bb text_text_align=\u00bbjustify\u00bb locked=\u00bboff\u00bb global_colors_info=\u00bb{}\u00bb]<\/p>\n<blockquote>\n<p><span style=\"font-weight: 400;\">\u00bfQu\u00e9 es hoy la RSE? Tantas definiciones como autores. Nos quedamos con <em>\u201cUn nuevo modelo de gesti\u00f3n empresarial que contempla los impactos derivados de su actividad\u201d.<\/em><\/span><\/p>\n<\/blockquote>\n<p>[\/et_pb_text][et_pb_text _builder_version=\u00bb4.14.4&#8243; text_font_size=\u00bb16px\u00bb text_line_height=\u00bb1.8em\u00bb text_orientation=\u00bbjustify\u00bb module_alignment=\u00bbcenter\u00bb custom_margin=\u00bb||||false|false\u00bb custom_padding=\u00bb0px||||false|false\u00bb animation_style=\u00bbfade\u00bb text_text_align=\u00bbjustify\u00bb locked=\u00bboff\u00bb global_colors_info=\u00bb{}\u00bb]<\/p>\n<p><span style=\"font-weight: 400;\">Hace un tiempo se debat\u00eda si una empresa deb\u00eda comprometerse en programas de RSE.\u00a0 <strong>Hoy se debate cu\u00e1n importante debe ser el compromiso,\u00a0 que debe ser transversal; debe atravesar toda la empresa.<\/strong><\/span><\/p>\n<p>[\/et_pb_text][et_pb_image src=\u00bbhttps:\/\/codimat.com.ar\/destacados2021\/wp-content\/uploads\/2021\/12\/RSE-Grafico1.jpg\u00bb title_text=\u00bbRSE-Grafico1&#8243; align=\u00bbcenter\u00bb _builder_version=\u00bb4.14.4&#8243; _module_preset=\u00bbdefault\u00bb width=\u00bb50%\u00bb width_tablet=\u00bb80%\u00bb width_phone=\u00bb80%\u00bb width_last_edited=\u00bbon|phone\u00bb animation_style=\u00bbfold\u00bb global_colors_info=\u00bb{}\u00bb][\/et_pb_image][\/et_pb_column][\/et_pb_row][et_pb_row _builder_version=\u00bb4.14.4&#8243; custom_padding=\u00bb0px||||false|false\u00bb global_colors_info=\u00bb{}\u00bb][et_pb_column type=\u00bb4_4&#8243; _builder_version=\u00bb3.26.7&#8243; global_colors_info=\u00bb{}\u00bb][et_pb_image src=\u00bbhttps:\/\/codimat.com.ar\/destacados2021\/wp-content\/uploads\/2021\/02\/Flechas.png\u00bb _builder_version=\u00bb4.14.4&#8243; width=\u00bb100px\u00bb width_tablet=\u00bb50px\u00bb width_phone=\u00bb30px\u00bb width_last_edited=\u00bbon|phone\u00bb custom_margin=\u00bb||||false|false\u00bb animation_style=\u00bbfold\u00bb global_colors_info=\u00bb{}\u00bb][\/et_pb_image][et_pb_text _builder_version=\u00bb4.14.4&#8243; text_font=\u00bbCardo||||||||\u00bb text_text_color=\u00bb#e02b20&#8243; text_font_size=\u00bb40px\u00bb text_line_height=\u00bb1.4em\u00bb animation_style=\u00bbfade\u00bb text_font_size_tablet=\u00bb30px\u00bb text_font_size_phone=\u00bb23px\u00bb text_font_size_last_edited=\u00bbon|phone\u00bb global_colors_info=\u00bb{}\u00bb]<\/p>\n<p>El futuro, el Triple Impacto<\/p>\n<p>[\/et_pb_text][et_pb_text _builder_version=\u00bb4.14.4&#8243; text_font_size=\u00bb16px\u00bb text_line_height=\u00bb1.8em\u00bb text_orientation=\u00bbjustify\u00bb module_alignment=\u00bbcenter\u00bb animation_style=\u00bbfade\u00bb text_text_align=\u00bbjustify\u00bb locked=\u00bboff\u00bb global_colors_info=\u00bb{}\u00bb]<\/p>\n<p>Concordante con la realidad de hoy, hemos entendido que no es suficiente con los programas de RSE que tenemos hace varios a\u00f1os (fundamentalmente el de Bibliotecas Populares), sino que hemos pensado en tomar una decisi\u00f3n clave:<\/p>\n<p>[\/et_pb_text][et_pb_text _builder_version=\u00bb4.14.4&#8243; text_text_color=\u00bb#000000&#8243; text_line_height=\u00bb1.8em\u00bb text_orientation=\u00bbjustify\u00bb module_alignment=\u00bbcenter\u00bb custom_padding=\u00bb||||false|false\u00bb animation_style=\u00bbfade\u00bb text_font_size_tablet=\u00bb16px\u00bb text_font_size_phone=\u00bb\u00bb text_font_size_last_edited=\u00bbon|phone\u00bb text_text_align=\u00bbjustify\u00bb locked=\u00bboff\u00bb global_colors_info=\u00bb{}\u00bb]<\/p>\n<blockquote>\n<p>Lograr la certificaci\u00f3n como Empresa B; empresa de Triple Impacto o Impacto +, que cuida y prioriza que cada una de sus acciones, contemple y minimice los impactos que por su accionar produce.\u00a0<\/p>\n<\/blockquote>\n<p>[\/et_pb_text][et_pb_text _builder_version=\u00bb4.14.4&#8243; text_font_size=\u00bb16px\u00bb text_line_height=\u00bb1.8em\u00bb text_orientation=\u00bbjustify\u00bb module_alignment=\u00bbcenter\u00bb animation_style=\u00bbfade\u00bb text_text_align=\u00bbjustify\u00bb locked=\u00bboff\u00bb global_colors_info=\u00bb{}\u00bb]<\/p>\n<p>Estamos transitando este camino convencidos de elevar la empresa a una categor\u00eda mayor; jugar en primera. El camino es largo, trabajoso, con transformaciones culturales profundas en lo referido al entorno social y medioambiental y siempre con la mirada puesta en lo inclusivo y todo aquello referido a la accesibilidad.<\/p>\n<p>Seriamos la primera empresa en el pa\u00eds, comercializadora de Materiales de Construcci\u00f3n en lograrlo. No es nada f\u00e1cil pero como dir\u00eda Napole\u00f3n <strong>\u00abLo imposible es el fantasma de los t\u00edmidos y el refugio de los cobardes\u00bb. <\/strong>Lo intentaremos, Napole\u00f3n\u2026<\/p>\n<p>[\/et_pb_text][et_pb_image src=\u00bbhttps:\/\/codimat.com.ar\/destacados2021\/wp-content\/uploads\/2021\/12\/RSE-Grafico2.jpg\u00bb title_text=\u00bbRSE-Grafico2&#8243; align=\u00bbcenter\u00bb _builder_version=\u00bb4.14.4&#8243; _module_preset=\u00bbdefault\u00bb width=\u00bb80%\u00bb width_tablet=\u00bb80%\u00bb width_phone=\u00bb80%\u00bb width_last_edited=\u00bbon|phone\u00bb animation_style=\u00bbfold\u00bb global_colors_info=\u00bb{}\u00bb][\/et_pb_image][\/et_pb_column][\/et_pb_row][et_pb_row _builder_version=\u00bb4.14.4&#8243; _module_preset=\u00bbdefault\u00bb global_colors_info=\u00bb{}\u00bb][et_pb_column type=\u00bb4_4&#8243; _builder_version=\u00bb4.14.4&#8243; _module_preset=\u00bbdefault\u00bb global_colors_info=\u00bb{}\u00bb][et_pb_text _builder_version=\u00bb4.14.4&#8243; text_font=\u00bbCardo||||||||\u00bb text_text_color=\u00bb#e02b20&#8243; text_font_size=\u00bb40px\u00bb text_line_height=\u00bb1.4em\u00bb animation_style=\u00bbfade\u00bb text_font_size_tablet=\u00bb30px\u00bb text_font_size_phone=\u00bb23px\u00bb text_font_size_last_edited=\u00bbon|phone\u00bb global_colors_info=\u00bb{}\u00bb]<\/p>\n<p>Algunos n\u00fameros<\/p>\n<p>[\/et_pb_text][et_pb_blurb use_icon=\u00bbon\u00bb font_icon=\u00bb&#x24;||divi||400&#8243; icon_placement=\u00bbleft\u00bb _builder_version=\u00bb4.14.4&#8243; header_level=\u00bbh3&#8243; header_font=\u00bb||||||||\u00bb header_line_height=\u00bb1.4em\u00bb body_font=\u00bbMontserrat||||||||\u00bb body_font_size=\u00bb16px\u00bb body_line_height=\u00bb1.6em\u00bb header_font_size_tablet=\u00bb18px\u00bb header_font_size_phone=\u00bb\u00bb header_font_size_last_edited=\u00bbon|phone\u00bb body_font_size_tablet=\u00bb16px\u00bb body_font_size_phone=\u00bb\u00bb body_font_size_last_edited=\u00bbon|tablet\u00bb global_colors_info=\u00bb{}\u00bb]<\/p>\n<p>6 de cada 10 ejecutivos de Am\u00e9rica Latina consideran que esta agenda es rentable.<\/p>\n<p>[\/et_pb_blurb][et_pb_blurb use_icon=\u00bbon\u00bb font_icon=\u00bb&#x24;||divi||400&#8243; icon_placement=\u00bbleft\u00bb _builder_version=\u00bb4.14.4&#8243; header_level=\u00bbh3&#8243; header_font=\u00bb||||||||\u00bb header_line_height=\u00bb1.4em\u00bb body_font=\u00bbMontserrat||||||||\u00bb body_font_size=\u00bb16px\u00bb body_line_height=\u00bb1.6em\u00bb header_font_size_tablet=\u00bb18px\u00bb header_font_size_phone=\u00bb\u00bb header_font_size_last_edited=\u00bbon|phone\u00bb body_font_size_tablet=\u00bb16px\u00bb body_font_size_phone=\u00bb\u00bb body_font_size_last_edited=\u00bbon|tablet\u00bb global_colors_info=\u00bb{}\u00bb]<\/p>\n<p>21% de las compa\u00f1\u00edas argentinas incrementar\u00e1 su inversi\u00f3n en sostenibilidad en los pr\u00f3ximos meses.<\/p>\n<p>[\/et_pb_blurb][et_pb_blurb use_icon=\u00bbon\u00bb font_icon=\u00bb&#x24;||divi||400&#8243; icon_placement=\u00bbleft\u00bb _builder_version=\u00bb4.14.4&#8243; header_level=\u00bbh3&#8243; header_font=\u00bb||||||||\u00bb header_line_height=\u00bb1.4em\u00bb body_font=\u00bbMontserrat||||||||\u00bb body_font_size=\u00bb16px\u00bb body_line_height=\u00bb1.6em\u00bb header_font_size_tablet=\u00bb18px\u00bb header_font_size_phone=\u00bb\u00bb header_font_size_last_edited=\u00bbon|phone\u00bb body_font_size_tablet=\u00bb16px\u00bb body_font_size_phone=\u00bb\u00bb body_font_size_last_edited=\u00bbon|tablet\u00bb global_colors_info=\u00bb{}\u00bb]<\/p>\n<p>Existen en la actualidad 739 empresas B en Am\u00e9rica Latina y 4077 en el mundo.<\/p>\n<p>[\/et_pb_blurb][\/et_pb_column][\/et_pb_row][et_pb_row _builder_version=\u00bb4.14.4&#8243; _module_preset=\u00bbdefault\u00bb global_colors_info=\u00bb{}\u00bb][et_pb_column type=\u00bb4_4&#8243; _builder_version=\u00bb4.14.4&#8243; _module_preset=\u00bbdefault\u00bb global_colors_info=\u00bb{}\u00bb][et_pb_text _builder_version=\u00bb4.14.4&#8243; text_font=\u00bbCardo||||||||\u00bb text_text_color=\u00bb#e02b20&#8243; text_font_size=\u00bb40px\u00bb text_line_height=\u00bb1.4em\u00bb animation_style=\u00bbfade\u00bb text_font_size_tablet=\u00bb30px\u00bb text_font_size_phone=\u00bb23px\u00bb text_font_size_last_edited=\u00bbon|phone\u00bb global_colors_info=\u00bb{}\u00bb]<\/p>\n<p>Como conclusi\u00f3n<\/p>\n<p>[\/et_pb_text][et_pb_text _builder_version=\u00bb4.14.4&#8243; text_font_size=\u00bb16px\u00bb text_line_height=\u00bb1.8em\u00bb text_orientation=\u00bbjustify\u00bb module_alignment=\u00bbcenter\u00bb animation_style=\u00bbfade\u00bb text_text_align=\u00bbjustify\u00bb locked=\u00bboff\u00bb global_colors_info=\u00bb{}\u00bb]<\/p>\n<p>Se apunta entonces a que los programas de las empresas (a las cuales queremos pertenecer) sean:<\/p>\n<p>[\/et_pb_text][et_pb_blurb use_icon=\u00bbon\u00bb font_icon=\u00bb&#x4e;||divi||400&#8243; icon_placement=\u00bbleft\u00bb _builder_version=\u00bb4.14.4&#8243; header_level=\u00bbh3&#8243; header_font=\u00bb||||||||\u00bb header_line_height=\u00bb1.4em\u00bb body_font=\u00bbMontserrat||||||||\u00bb body_font_size=\u00bb16px\u00bb body_line_height=\u00bb1.6em\u00bb header_font_size_tablet=\u00bb18px\u00bb header_font_size_phone=\u00bb\u00bb header_font_size_last_edited=\u00bbon|phone\u00bb body_font_size_tablet=\u00bb16px\u00bb body_font_size_phone=\u00bb\u00bb body_font_size_last_edited=\u00bbon|tablet\u00bb global_colors_info=\u00bb{}\u00bb]<\/p>\n<p>Econ\u00f3micamente viables.<\/p>\n<p>[\/et_pb_blurb][et_pb_blurb use_icon=\u00bbon\u00bb font_icon=\u00bb&#x4e;||divi||400&#8243; icon_placement=\u00bbleft\u00bb _builder_version=\u00bb4.14.4&#8243; header_level=\u00bbh3&#8243; header_font=\u00bb||||||||\u00bb header_line_height=\u00bb1.4em\u00bb body_font=\u00bbMontserrat||||||||\u00bb body_font_size=\u00bb16px\u00bb body_line_height=\u00bb1.6em\u00bb header_font_size_tablet=\u00bb18px\u00bb header_font_size_phone=\u00bb\u00bb header_font_size_last_edited=\u00bbon|phone\u00bb body_font_size_tablet=\u00bb16px\u00bb body_font_size_phone=\u00bb\u00bb body_font_size_last_edited=\u00bbon|tablet\u00bb global_colors_info=\u00bb{}\u00bb]<\/p>\n<p>Socialmente beneficiosos.<\/p>\n<p>[\/et_pb_blurb][et_pb_blurb use_icon=\u00bbon\u00bb font_icon=\u00bb&#x4e;||divi||400&#8243; icon_placement=\u00bbleft\u00bb _builder_version=\u00bb4.14.4&#8243; header_level=\u00bbh3&#8243; header_font=\u00bb||||||||\u00bb header_line_height=\u00bb1.4em\u00bb body_font=\u00bbMontserrat||||||||\u00bb body_font_size=\u00bb16px\u00bb body_line_height=\u00bb1.6em\u00bb header_font_size_tablet=\u00bb18px\u00bb header_font_size_phone=\u00bb\u00bb header_font_size_last_edited=\u00bbon|phone\u00bb body_font_size_tablet=\u00bb16px\u00bb body_font_size_phone=\u00bb\u00bb body_font_size_last_edited=\u00bbon|tablet\u00bb global_colors_info=\u00bb{}\u00bb]<\/p>\n<p>Medioambientalmente responsables.<\/p>\n<p>[\/et_pb_blurb][\/et_pb_column][\/et_pb_row][\/et_pb_section][et_pb_section fb_built=\u00bb1&#8243; _builder_version=\u00bb4.14.4&#8243; custom_margin=\u00bb||||false|false\u00bb custom_padding=\u00bb0px||||false|false\u00bb global_colors_info=\u00bb{}\u00bb][et_pb_row _builder_version=\u00bb3.26.7&#8243; custom_padding=\u00bb||||false|false\u00bb global_colors_info=\u00bb{}\u00bb][et_pb_column type=\u00bb4_4&#8243; _builder_version=\u00bb3.26.7&#8243; global_colors_info=\u00bb{}\u00bb][et_pb_divider _builder_version=\u00bb3.26.7&#8243; animation_style=\u00bbzoom\u00bb global_colors_info=\u00bb{}\u00bb][\/et_pb_divider][et_pb_video src=\u00bbhttps:\/\/youtu.be\/Ynioehgi-Rc\u00bb _builder_version=\u00bb4.14.4&#8243; _module_preset=\u00bbdefault\u00bb global_colors_info=\u00bb{}\u00bb][\/et_pb_video][\/et_pb_column][\/et_pb_row][et_pb_row _builder_version=\u00bb3.26.7&#8243; custom_padding=\u00bb||||false|false\u00bb animation_style=\u00bbfold\u00bb global_colors_info=\u00bb{}\u00bb][et_pb_column type=\u00bb4_4&#8243; _builder_version=\u00bb3.26.7&#8243; global_colors_info=\u00bb{}\u00bb][et_pb_button button_url=\u00bb@ET-DC@eyJkeW5hbWljIjp0cnVlLCJjb250ZW50IjoicG9zdF9saW5rX3VybF9wYWdlIiwic2V0dGluZ3MiOnsicG9zdF9pZCI6IjE3In19@\u00bb button_text=\u00bbVolver al Sumario\u00bb button_alignment=\u00bbcenter\u00bb _builder_version=\u00bb3.26.7&#8243; _dynamic_attributes=\u00bbbutton_url\u00bb global_colors_info=\u00bb{}\u00bb][\/et_pb_button][\/et_pb_column][\/et_pb_row][\/et_pb_section]<\/p>\n","protected":false},"excerpt":{"rendered":"<p>Responsabilidad social empresarialUna meta, un objetivo, un desaf\u00edoSin duda, en el concierto internacional, el mundo de las empresas y su vinculaci\u00f3n con su entorno est\u00e1 cambiando. Ya no son suficientes la filantrop\u00eda, ni la participaci\u00f3n solidaria en acciones desperdigadas, ef\u00edmeras y puntuales.\u00a0 La Responsabilidad Social Empresarial (privada) como la Corporativa (para organismos oficiales, ONGs) se [&hellip;]<\/p>\n","protected":false},"author":2,"featured_media":0,"parent":0,"menu_order":0,"comment_status":"closed","ping_status":"closed","template":"","meta":{"_et_pb_use_builder":"on","_et_pb_old_content":"","_et_gb_content_width":""},"_links":{"self":[{"href":"https:\/\/codimat.com.ar\/destacados2021\/wp-json\/wp\/v2\/pages\/185"}],"collection":[{"href":"https:\/\/codimat.com.ar\/destacados2021\/wp-json\/wp\/v2\/pages"}],"about":[{"href":"https:\/\/codimat.com.ar\/destacados2021\/wp-json\/wp\/v2\/types\/page"}],"author":[{"embeddable":true,"href":"https:\/\/codimat.com.ar\/destacados2021\/wp-json\/wp\/v2\/users\/2"}],"replies":[{"embeddable":true,"href":"https:\/\/codimat.com.ar\/destacados2021\/wp-json\/wp\/v2\/comments?post=185"}],"version-history":[{"count":28,"href":"https:\/\/codimat.com.ar\/destacados2021\/wp-json\/wp\/v2\/pages\/185\/revisions"}],"predecessor-version":[{"id":1385,"href":"https:\/\/codimat.com.ar\/destacados2021\/wp-json\/wp\/v2\/pages\/185\/revisions\/1385"}],"wp:attachment":[{"href":"https:\/\/codimat.com.ar\/destacados2021\/wp-json\/wp\/v2\/media?parent=185"}],"curies":[{"name":"wp","href":"https:\/\/api.w.org\/{rel}","templated":true}]}}