{"id":981,"date":"2021-12-31T10:56:45","date_gmt":"2021-12-31T13:56:45","guid":{"rendered":"https:\/\/codimat.com.ar\/destacados2021\/?page_id=981"},"modified":"2022-02-23T10:32:44","modified_gmt":"2022-02-23T13:32:44","slug":"diez-anos-de-auditorio","status":"publish","type":"page","link":"https:\/\/codimat.com.ar\/destacados2021\/diez-anos-de-auditorio\/","title":{"rendered":"Diez a\u00f1os de Auditorio"},"content":{"rendered":"<p>[et_pb_section fb_built=\u00bb1&#8243; custom_padding_last_edited=\u00bbon|desktop\u00bb admin_label=\u00bbRelated Articles\u00bb _builder_version=\u00bb3.26.7&#8243; background_color=\u00bb#2d2d2d\u00bb custom_padding=\u00bb||||false|false\u00bb custom_padding_tablet=\u00bb||2%||false|false\u00bb custom_padding_phone=\u00bb\u00bb global_colors_info=\u00bb{}\u00bb][et_pb_row _builder_version=\u00bb3.27.3&#8243; global_colors_info=\u00bb{}\u00bb][et_pb_column type=\u00bb4_4&#8243; _builder_version=\u00bb3.27.3&#8243; global_colors_info=\u00bb{}\u00bb][et_pb_text _builder_version=\u00bb4.14.4&#8243; header_2_font=\u00bbMontserrat|700||on|||||\u00bb header_2_font_size=\u00bb40px\u00bb header_2_line_height=\u00bb1.2em\u00bb background_layout=\u00bbdark\u00bb max_width_tablet=\u00bb90%\u00bb max_width_phone=\u00bb90%\u00bb max_width_last_edited=\u00bboff|desktop\u00bb custom_margin=\u00bb||0px||false|false\u00bb custom_margin_tablet=\u00bb||0px||false|false\u00bb custom_margin_phone=\u00bb||0px||false|false\u00bb custom_margin_last_edited=\u00bbon|phone\u00bb animation_style=\u00bbflip\u00bb header_2_font_size_tablet=\u00bb30px\u00bb header_2_font_size_phone=\u00bb20px\u00bb header_2_font_size_last_edited=\u00bbon|desktop\u00bb locked=\u00bboff\u00bb global_colors_info=\u00bb{}\u00bb]<\/p>\n<h2>Diez a\u00f1os de auditorio<\/h2>\n<p>[\/et_pb_text][et_pb_text _builder_version=\u00bb4.14.4&#8243; header_2_font=\u00bbMontserrat|700||on|||||\u00bb header_2_text_color=\u00bb#E02B20&#8243; header_2_font_size=\u00bb25px\u00bb header_2_line_height=\u00bb1.2em\u00bb background_layout=\u00bbdark\u00bb max_width_tablet=\u00bb\u00bb max_width_phone=\u00bb\u00bb max_width_last_edited=\u00bbon|phone\u00bb animation_style=\u00bbflip\u00bb header_2_font_size_tablet=\u00bb20px\u00bb header_2_font_size_phone=\u00bb16px\u00bb header_2_font_size_last_edited=\u00bbon|phone\u00bb locked=\u00bboff\u00bb global_colors_info=\u00bb{}\u00bb]<\/p>\n<h2>Diez intensos a\u00f1os<\/h2>\n<p>[\/et_pb_text][et_pb_divider divider_weight=\u00bb3px\u00bb _builder_version=\u00bb3.26.7&#8243; width=\u00bb30%\u00bb animation_style=\u00bbslide\u00bb animation_direction=\u00bbright\u00bb global_colors_info=\u00bb{}\u00bb][\/et_pb_divider][\/et_pb_column][\/et_pb_row][\/et_pb_section][et_pb_section fb_built=\u00bb1&#8243; _builder_version=\u00bb3.26.7&#8243; background_color=\u00bb#f4f4f4&#8243; custom_padding=\u00bb2%||||false|false\u00bb global_colors_info=\u00bb{}\u00bb][et_pb_row _builder_version=\u00bb3.26.7&#8243; global_colors_info=\u00bb{}\u00bb][et_pb_column type=\u00bb4_4&#8243; _builder_version=\u00bb3.26.7&#8243; global_colors_info=\u00bb{}\u00bb][et_pb_text _builder_version=\u00bb4.14.4&#8243; text_font_size=\u00bb16px\u00bb text_line_height=\u00bb1.8em\u00bb text_orientation=\u00bbjustify\u00bb module_alignment=\u00bbcenter\u00bb animation_style=\u00bbfade\u00bb text_text_align=\u00bbjustify\u00bb locked=\u00bboff\u00bb global_colors_info=\u00bb{}\u00bb]<\/p>\n<p>En noviembre de 2011 inaugur\u00e1bamos el Auditorio, sucesor del \u201cemblem\u00e1tico\u201d fog\u00f3n que por tantos a\u00f1os cobij\u00f3 nuestra actividad.<\/p>\n<p>[\/et_pb_text][et_pb_text _builder_version=\u00bb4.14.4&#8243; text_text_color=\u00bb#000000&#8243; text_line_height=\u00bb1.8em\u00bb text_orientation=\u00bbjustify\u00bb module_alignment=\u00bbcenter\u00bb custom_padding=\u00bb||||false|false\u00bb animation_style=\u00bbfade\u00bb text_font_size_tablet=\u00bb16px\u00bb text_font_size_phone=\u00bb\u00bb text_font_size_last_edited=\u00bbon|phone\u00bb text_text_align=\u00bbjustify\u00bb locked=\u00bboff\u00bb global_colors_info=\u00bb{}\u00bb]<\/p>\n<blockquote>\n<p>El objetivo fue dotar a nuestra empresa de un \u00e1mbito m\u00e1s amplio, moderno, con m\u00e1s tecnolog\u00eda, apto para los tiempos que corr\u00edan y corren. Un \u00e1mbito donde, adem\u00e1s de encuentros gastron\u00f3micos, sucedieran otras cosas.<\/p>\n<\/blockquote>\n<p>[\/et_pb_text][et_pb_text _builder_version=\u00bb4.14.4&#8243; text_font_size=\u00bb16px\u00bb text_line_height=\u00bb1.8em\u00bb text_orientation=\u00bbjustify\u00bb module_alignment=\u00bbcenter\u00bb animation_style=\u00bbfade\u00bb text_text_align=\u00bbjustify\u00bb locked=\u00bboff\u00bb global_colors_info=\u00bb{}\u00bb]<\/p>\n<p>Y podemos decir que s\u00ed, que sucedieron otras cosas; que tuvieron cabida actividades empresariales, culturales, educativas, art\u00edsticas, deportivas, solidarias, de amistad y confraternidad.<\/p>\n<p>[\/et_pb_text][et_pb_image src=\u00bbhttps:\/\/codimat.com.ar\/destacados2021\/wp-content\/uploads\/2021\/02\/Flechas.png\u00bb _builder_version=\u00bb4.14.4&#8243; width=\u00bb100px\u00bb width_tablet=\u00bb50px\u00bb width_phone=\u00bb30px\u00bb width_last_edited=\u00bbon|phone\u00bb custom_margin=\u00bb||||false|false\u00bb animation_style=\u00bbfold\u00bb global_colors_info=\u00bb{}\u00bb][\/et_pb_image][et_pb_text _builder_version=\u00bb4.14.4&#8243; text_font=\u00bbCardo||||||||\u00bb text_text_color=\u00bb#e02b20&#8243; text_font_size=\u00bb30px\u00bb text_line_height=\u00bb1.4em\u00bb animation_style=\u00bbfade\u00bb hover_enabled=\u00bb0&#8243; text_font_size_tablet=\u00bb25px\u00bb text_font_size_phone=\u00bb23px\u00bb text_font_size_last_edited=\u00bbon|phone\u00bb global_colors_info=\u00bb{}\u00bb sticky_enabled=\u00bb0&#8243;]<\/p>\n<p>A diez a\u00f1os del corte de cintas y frente a eventos programados, seguimos expresando y escuchando frases como\u2026 <strong>\u00bfEs en el Auditorio, no?<\/strong> Un espacio que pas\u00f3 a ser un cl\u00e1sico de nuestra vida empresarial.<\/p>\n<p>[\/et_pb_text][\/et_pb_column][\/et_pb_row][\/et_pb_section][et_pb_section fb_built=\u00bb1&#8243; _builder_version=\u00bb4.14.4&#8243; custom_padding=\u00bb||||false|false\u00bb global_colors_info=\u00bb{}\u00bb][et_pb_row _builder_version=\u00bb4.14.4&#8243; custom_padding=\u00bb0px||||false|false\u00bb global_colors_info=\u00bb{}\u00bb][et_pb_column type=\u00bb4_4&#8243; _builder_version=\u00bb3.26.7&#8243; global_colors_info=\u00bb{}\u00bb][et_pb_text _builder_version=\u00bb4.14.4&#8243; text_font=\u00bbCardo||||||||\u00bb text_text_color=\u00bb#e02b20&#8243; text_font_size=\u00bb30px\u00bb text_line_height=\u00bb1.4em\u00bb animation_style=\u00bbfade\u00bb text_font_size_tablet=\u00bb25px\u00bb text_font_size_phone=\u00bb23px\u00bb text_font_size_last_edited=\u00bbon|phone\u00bb global_colors_info=\u00bb{}\u00bb]<\/p>\n<p>Algunas actividades realizadas:<\/p>\n<p>[\/et_pb_text][et_pb_divider _builder_version=\u00bb4.14.4&#8243; width=\u00bb50%\u00bb animation_style=\u00bbzoom\u00bb global_colors_info=\u00bb{}\u00bb][\/et_pb_divider][et_pb_text _builder_version=\u00bb4.14.4&#8243; text_font_size=\u00bb16px\u00bb text_line_height=\u00bb1.8em\u00bb text_orientation=\u00bbjustify\u00bb module_alignment=\u00bbcenter\u00bb animation_style=\u00bbfade\u00bb text_text_align=\u00bbjustify\u00bb locked=\u00bboff\u00bb global_colors_info=\u00bb{}\u00bb]<\/p>\n<ul>\n<li>Programa Bibliotecas Populares (Cert\u00e1menes literarios, d\u00eda del bibliotecario, charlas, otros).<\/li>\n<li>Charlas\/Jornadas de capacitaci\u00f3n para grupo de trabajo Codimat.<\/li>\n<li>Jornadas de Capacitaci\u00f3n de proveedores para profesionales.<\/li>\n<li>Jornadas Coaching para empleados.<\/li>\n<li>Cenas Unisal.<\/li>\n<li>Presentaci\u00f3n de Juli\u00e1n Mozo: El Se\u00f1or de los Talentos (Libro sobre M. Gin\u00f3bili).<\/li>\n<li>Celebraciones D\u00eda del Ni\u00f1o para Empleados.<\/li>\n<li>Presentaci\u00f3n del auto de Lucas Benamo y de Daniel Aguirre.<\/li>\n<li>Cenas de Bah\u00eda B\u00e1squet y sponsors.<\/li>\n<li>Almuerzos Rally Austral.<\/li>\n<li>Cenas con socios e invitados Inauguraci\u00f3n Museo.<\/li>\n<li>Eventos con artistas como Pepe Soriano \u2013 Leo Sbaraglia.<\/li>\n<li>Almuerzos \/ Cenas posteriores a jornadas de pesca de Acindar.<\/li>\n<li>Charlas de proveedores sobre calidad.<\/li>\n<li>Eventos Grupo Afinidad con las empresas Iaca y Etman.<\/li>\n<li>Eventos Programa J\u00f3venes Construyendo Futuro (en alianza con la UNS).<\/li>\n<li>Celebraciones personales de socios.<\/li>\n<li>Eventos Asociaciones Deportivas Locales.<\/li>\n<\/ul>\n<p>[\/et_pb_text][\/et_pb_column][\/et_pb_row][et_pb_row _builder_version=\u00bb4.14.4&#8243; _module_preset=\u00bbdefault\u00bb custom_margin=\u00bb||||false|false\u00bb custom_padding=\u00bb0px||||false|false\u00bb global_colors_info=\u00bb{}\u00bb][et_pb_column type=\u00bb4_4&#8243; _builder_version=\u00bb4.14.4&#8243; _module_preset=\u00bbdefault\u00bb global_colors_info=\u00bb{}\u00bb][et_pb_text _builder_version=\u00bb4.14.4&#8243; text_font=\u00bbCardo||||||||\u00bb text_text_color=\u00bb#e02b20&#8243; text_font_size=\u00bb30px\u00bb text_line_height=\u00bb1.4em\u00bb animation_style=\u00bbfade\u00bb text_font_size_tablet=\u00bb25px\u00bb text_font_size_phone=\u00bb23px\u00bb text_font_size_last_edited=\u00bbon|phone\u00bb global_colors_info=\u00bb{}\u00bb]<\/p>\n<p>Reviv\u00ed como fue la inauguraci\u00f3n en este video:<\/p>\n<p>[\/et_pb_text][et_pb_video src=\u00bbhttps:\/\/youtu.be\/Uv4WmYPuUWo\u00bb _builder_version=\u00bb4.14.4&#8243; _module_preset=\u00bbdefault\u00bb animation_style=\u00bbfold\u00bb global_colors_info=\u00bb{}\u00bb][\/et_pb_video][\/et_pb_column][\/et_pb_row][et_pb_row _builder_version=\u00bb3.26.7&#8243; global_colors_info=\u00bb{}\u00bb][et_pb_column type=\u00bb4_4&#8243; _builder_version=\u00bb3.26.7&#8243; global_colors_info=\u00bb{}\u00bb][et_pb_divider _builder_version=\u00bb3.26.7&#8243; animation_style=\u00bbzoom\u00bb global_colors_info=\u00bb{}\u00bb][\/et_pb_divider][et_pb_image src=\u00bbhttps:\/\/codimat.com.ar\/destacados2021\/wp-content\/uploads\/2021\/12\/OSDE-Aviso.jpg\u00bb title_text=\u00bbOSDE-Aviso\u00bb _builder_version=\u00bb4.14.4&#8243; _module_preset=\u00bbdefault\u00bb animation_style=\u00bbfold\u00bb global_colors_info=\u00bb{}\u00bb][\/et_pb_image][et_pb_video src=\u00bbhttps:\/\/youtu.be\/s0mAL93l5p0&#8243; _builder_version=\u00bb4.14.4&#8243; _module_preset=\u00bbdefault\u00bb animation_style=\u00bbfold\u00bb global_colors_info=\u00bb{}\u00bb][\/et_pb_video][\/et_pb_column][\/et_pb_row][et_pb_row _builder_version=\u00bb3.26.7&#8243; custom_padding=\u00bb||||false|false\u00bb animation_style=\u00bbfold\u00bb global_colors_info=\u00bb{}\u00bb][et_pb_column type=\u00bb4_4&#8243; _builder_version=\u00bb3.26.7&#8243; global_colors_info=\u00bb{}\u00bb][et_pb_button button_url=\u00bb@ET-DC@eyJkeW5hbWljIjp0cnVlLCJjb250ZW50IjoicG9zdF9saW5rX3VybF9wYWdlIiwic2V0dGluZ3MiOnsicG9zdF9pZCI6IjE3In19@\u00bb button_text=\u00bbVolver al Sumario\u00bb button_alignment=\u00bbcenter\u00bb _builder_version=\u00bb3.26.7&#8243; _dynamic_attributes=\u00bbbutton_url\u00bb global_colors_info=\u00bb{}\u00bb][\/et_pb_button][\/et_pb_column][\/et_pb_row][\/et_pb_section]<\/p>\n","protected":false},"excerpt":{"rendered":"<p>Diez a\u00f1os de auditorioDiez intensos a\u00f1osEn noviembre de 2011 inaugur\u00e1bamos el Auditorio, sucesor del \u201cemblem\u00e1tico\u201d fog\u00f3n que por tantos a\u00f1os cobij\u00f3 nuestra actividad.El objetivo fue dotar a nuestra empresa de un \u00e1mbito m\u00e1s amplio, moderno, con m\u00e1s tecnolog\u00eda, apto para los tiempos que corr\u00edan y corren. Un \u00e1mbito donde, adem\u00e1s de encuentros gastron\u00f3micos, sucedieran otras [&hellip;]<\/p>\n","protected":false},"author":2,"featured_media":0,"parent":0,"menu_order":0,"comment_status":"closed","ping_status":"closed","template":"","meta":{"_et_pb_use_builder":"on","_et_pb_old_content":"","_et_gb_content_width":""},"_links":{"self":[{"href":"https:\/\/codimat.com.ar\/destacados2021\/wp-json\/wp\/v2\/pages\/981"}],"collection":[{"href":"https:\/\/codimat.com.ar\/destacados2021\/wp-json\/wp\/v2\/pages"}],"about":[{"href":"https:\/\/codimat.com.ar\/destacados2021\/wp-json\/wp\/v2\/types\/page"}],"author":[{"embeddable":true,"href":"https:\/\/codimat.com.ar\/destacados2021\/wp-json\/wp\/v2\/users\/2"}],"replies":[{"embeddable":true,"href":"https:\/\/codimat.com.ar\/destacados2021\/wp-json\/wp\/v2\/comments?post=981"}],"version-history":[{"count":7,"href":"https:\/\/codimat.com.ar\/destacados2021\/wp-json\/wp\/v2\/pages\/981\/revisions"}],"predecessor-version":[{"id":1423,"href":"https:\/\/codimat.com.ar\/destacados2021\/wp-json\/wp\/v2\/pages\/981\/revisions\/1423"}],"wp:attachment":[{"href":"https:\/\/codimat.com.ar\/destacados2021\/wp-json\/wp\/v2\/media?parent=981"}],"curies":[{"name":"wp","href":"https:\/\/api.w.org\/{rel}","templated":true}]}}