{"id":1488,"date":"2022-11-29T13:01:15","date_gmt":"2022-11-29T16:01:15","guid":{"rendered":"https:\/\/codimat.com.ar\/destacados2022\/?page_id=1488"},"modified":"2022-12-02T12:53:16","modified_gmt":"2022-12-02T15:53:16","slug":"clarin-pymes","status":"publish","type":"page","link":"https:\/\/codimat.com.ar\/destacados2022\/clarin-pymes\/","title":{"rendered":"Clar\u00edn Pymes"},"content":{"rendered":"<p>[et_pb_section fb_built=\u00bb1&#8243; custom_padding_last_edited=\u00bbon|desktop\u00bb admin_label=\u00bbRelated Articles\u00bb _builder_version=\u00bb4.16&#8243; background_color=\u00bb#2d2d2d\u00bb custom_padding=\u00bb||||false|false\u00bb custom_padding_tablet=\u00bb||2%||false|false\u00bb custom_padding_phone=\u00bb\u00bb global_colors_info=\u00bb{}\u00bb][et_pb_row _builder_version=\u00bb4.16&#8243; global_colors_info=\u00bb{}\u00bb][et_pb_column type=\u00bb4_4&#8243; _builder_version=\u00bb4.16&#8243; global_colors_info=\u00bb{}\u00bb][et_pb_text _builder_version=\u00bb4.19.1&#8243; header_2_font=\u00bbMontserrat|700||on|||||\u00bb header_2_font_size=\u00bb40px\u00bb header_2_line_height=\u00bb1.4em\u00bb text_orientation=\u00bbcenter\u00bb background_layout=\u00bbdark\u00bb width=\u00bb70%\u00bb width_tablet=\u00bb70%\u00bb width_phone=\u00bb70%\u00bb width_last_edited=\u00bbon|phone\u00bb max_width_tablet=\u00bb90%\u00bb max_width_phone=\u00bb90%\u00bb max_width_last_edited=\u00bboff|desktop\u00bb module_alignment=\u00bbcenter\u00bb custom_margin=\u00bb||0px||false|false\u00bb custom_margin_tablet=\u00bb||0px||false|false\u00bb custom_margin_phone=\u00bb||0px||false|false\u00bb custom_margin_last_edited=\u00bbon|phone\u00bb animation_style=\u00bbflip\u00bb header_2_font_size_tablet=\u00bb30px\u00bb header_2_font_size_phone=\u00bb20px\u00bb header_2_font_size_last_edited=\u00bbon|desktop\u00bb locked=\u00bboff\u00bb global_colors_info=\u00bb{}\u00bb]<\/p>\n<h2>Clar\u00edn Pymes<\/h2>\n<p>[\/et_pb_text][et_pb_divider divider_weight=\u00bb3px\u00bb _builder_version=\u00bb4.16&#8243; width=\u00bb30%\u00bb width_tablet=\u00bb20%\u00bb width_phone=\u00bb40%\u00bb width_last_edited=\u00bbon|phone\u00bb module_alignment=\u00bbcenter\u00bb custom_padding=\u00bb20px||||false|false\u00bb custom_padding_tablet=\u00bb20px||||false|false\u00bb custom_padding_phone=\u00bb20px||||false|false\u00bb custom_padding_last_edited=\u00bbon|phone\u00bb animation_style=\u00bbslide\u00bb animation_direction=\u00bbright\u00bb global_colors_info=\u00bb{}\u00bb][\/et_pb_divider][\/et_pb_column][\/et_pb_row][\/et_pb_section][et_pb_section fb_built=\u00bb1&#8243; _builder_version=\u00bb4.16&#8243; background_color=\u00bb#f4f4f4&#8243; custom_padding=\u00bb2%||||false|false\u00bb global_colors_info=\u00bb{}\u00bb][et_pb_row _builder_version=\u00bb4.16&#8243; global_colors_info=\u00bb{}\u00bb][et_pb_column type=\u00bb4_4&#8243; _builder_version=\u00bb4.16&#8243; global_colors_info=\u00bb{}\u00bb][et_pb_text _builder_version=\u00bb4.19.1&#8243; text_line_height=\u00bb2em\u00bb text_orientation=\u00bbjustify\u00bb module_alignment=\u00bbcenter\u00bb animation_style=\u00bbfade\u00bb text_font_size_tablet=\u00bb16px\u00bb text_font_size_phone=\u00bb14px\u00bb text_font_size_last_edited=\u00bbon|desktop\u00bb text_text_align=\u00bbjustify\u00bb locked=\u00bboff\u00bb global_colors_info=\u00bb{}\u00bb]<\/p>\n<p>En el mes de septiembre fuimos invitados por la revista Clar\u00edn Pymes a realizar una nota sobre nuestra empresa.<\/p>\n<p>[\/et_pb_text][et_pb_text _builder_version=\u00bb4.19.1&#8243; text_font=\u00bb|700|||||||\u00bb text_text_color=\u00bb#000000&#8243; text_line_height=\u00bb1.8em\u00bb text_orientation=\u00bbjustify\u00bb module_alignment=\u00bbcenter\u00bb custom_padding=\u00bb||||false|false\u00bb animation_style=\u00bbfade\u00bb text_font_size_tablet=\u00bb16px\u00bb text_font_size_phone=\u00bb\u00bb text_font_size_last_edited=\u00bbon|phone\u00bb text_text_align=\u00bbjustify\u00bb locked=\u00bboff\u00bb global_colors_info=\u00bb{}\u00bb]<\/p>\n<blockquote>\n<p>En ella expusimos nuestra historia, nuestro compromiso en cuanto a la RSE y el camino que estamos transitando para convertirnos en empresa B (Triple Impacto) como as\u00ed tambi\u00e9n nuestra Misi\u00f3n, Visi\u00f3n y Valores, que nos gu\u00edan a diario.<\/p>\n<\/blockquote>\n<p>[\/et_pb_text][et_pb_text _builder_version=\u00bb4.19.1&#8243; text_line_height=\u00bb2em\u00bb text_orientation=\u00bbjustify\u00bb module_alignment=\u00bbcenter\u00bb animation_style=\u00bbfade\u00bb text_font_size_tablet=\u00bb16px\u00bb text_font_size_phone=\u00bb14px\u00bb text_font_size_last_edited=\u00bbon|desktop\u00bb text_text_align=\u00bbjustify\u00bb locked=\u00bboff\u00bb global_colors_info=\u00bb{}\u00bb]<\/p>\n<p>Agradecemos a los proveedores que participaron y adhirieron a esta importante oportunidad de hacer conocer a\u00fan m\u00e1s, nuestra trayectoria de m\u00e1s de medio siglo.<\/p>\n<p>[\/et_pb_text][\/et_pb_column][\/et_pb_row][\/et_pb_section][et_pb_section fb_built=\u00bb1&#8243; _builder_version=\u00bb4.16&#8243; custom_padding=\u00bb||||false|false\u00bb global_colors_info=\u00bb{}\u00bb][et_pb_row _builder_version=\u00bb4.16&#8243; custom_padding=\u00bb||0px||false|false\u00bb global_colors_info=\u00bb{}\u00bb][et_pb_column type=\u00bb4_4&#8243; _builder_version=\u00bb4.16&#8243; global_colors_info=\u00bb{}\u00bb][et_pb_image src=\u00bbhttps:\/\/codimat.com.ar\/destacados2022\/wp-content\/uploads\/2021\/02\/Flechas.png\u00bb _builder_version=\u00bb4.16&#8243; width=\u00bb100px\u00bb width_tablet=\u00bb50px\u00bb width_phone=\u00bb30px\u00bb width_last_edited=\u00bbon|phone\u00bb custom_margin=\u00bb||||false|false\u00bb animation_style=\u00bbfold\u00bb global_colors_info=\u00bb{}\u00bb][\/et_pb_image][\/et_pb_column][\/et_pb_row][et_pb_row _builder_version=\u00bb4.16&#8243; _module_preset=\u00bbdefault\u00bb global_colors_info=\u00bb{}\u00bb][et_pb_column type=\u00bb4_4&#8243; _builder_version=\u00bb4.16&#8243; _module_preset=\u00bbdefault\u00bb global_colors_info=\u00bb{}\u00bb][et_pb_gallery gallery_ids=\u00bb1640,1641,1642,1643&#8243; fullwidth=\u00bbon\u00bb _builder_version=\u00bb4.19.1&#8243; _module_preset=\u00bbdefault\u00bb hover_enabled=\u00bb0&#8243; global_colors_info=\u00bb{}\u00bb animation_style=\u00bbfade\u00bb auto=\u00bbon\u00bb auto_speed=\u00bb3500&#8243; sticky_enabled=\u00bb0&#8243;][\/et_pb_gallery][\/et_pb_column][\/et_pb_row][et_pb_row _builder_version=\u00bb4.16&#8243; global_colors_info=\u00bb{}\u00bb][et_pb_column type=\u00bb4_4&#8243; _builder_version=\u00bb4.16&#8243; global_colors_info=\u00bb{}\u00bb][et_pb_divider _builder_version=\u00bb4.16&#8243; animation_style=\u00bbzoom\u00bb global_colors_info=\u00bb{}\u00bb][\/et_pb_divider][et_pb_video src=\u00bbhttps:\/\/www.youtube.com\/watch?v=eKUpgmBQN-E\u00bb _builder_version=\u00bb4.19.1&#8243; _module_preset=\u00bbdefault\u00bb animation_style=\u00bbfold\u00bb global_colors_info=\u00bb{}\u00bb][\/et_pb_video][\/et_pb_column][\/et_pb_row][et_pb_row _builder_version=\u00bb4.16&#8243; custom_padding=\u00bb||||false|false\u00bb animation_style=\u00bbfold\u00bb global_colors_info=\u00bb{}\u00bb][et_pb_column type=\u00bb4_4&#8243; _builder_version=\u00bb4.16&#8243; global_colors_info=\u00bb{}\u00bb][et_pb_button button_url=\u00bb@ET-DC@eyJkeW5hbWljIjp0cnVlLCJjb250ZW50IjoicG9zdF9saW5rX3VybF9wYWdlIiwic2V0dGluZ3MiOnsicG9zdF9pZCI6IjE0MzQifX0=@\u00bb button_text=\u00bbVolver al Sumario\u00bb button_alignment=\u00bbcenter\u00bb _builder_version=\u00bb4.19.1&#8243; _dynamic_attributes=\u00bbbutton_url\u00bb global_colors_info=\u00bb{}\u00bb][\/et_pb_button][\/et_pb_column][\/et_pb_row][\/et_pb_section]<\/p>\n","protected":false},"excerpt":{"rendered":"<p>Clar\u00edn PymesEn el mes de septiembre fuimos invitados por la revista Clar\u00edn Pymes a realizar una nota sobre nuestra empresa.En ella expusimos nuestra historia, nuestro compromiso en cuanto a la RSE y el camino que estamos transitando para convertirnos en empresa B (Triple Impacto) como as\u00ed tambi\u00e9n nuestra Misi\u00f3n, Visi\u00f3n y Valores, que nos gu\u00edan [&hellip;]<\/p>\n","protected":false},"author":2,"featured_media":0,"parent":0,"menu_order":0,"comment_status":"closed","ping_status":"closed","template":"","meta":{"_et_pb_use_builder":"on","_et_pb_old_content":"","_et_gb_content_width":""},"_links":{"self":[{"href":"https:\/\/codimat.com.ar\/destacados2022\/wp-json\/wp\/v2\/pages\/1488"}],"collection":[{"href":"https:\/\/codimat.com.ar\/destacados2022\/wp-json\/wp\/v2\/pages"}],"about":[{"href":"https:\/\/codimat.com.ar\/destacados2022\/wp-json\/wp\/v2\/types\/page"}],"author":[{"embeddable":true,"href":"https:\/\/codimat.com.ar\/destacados2022\/wp-json\/wp\/v2\/users\/2"}],"replies":[{"embeddable":true,"href":"https:\/\/codimat.com.ar\/destacados2022\/wp-json\/wp\/v2\/comments?post=1488"}],"version-history":[{"count":5,"href":"https:\/\/codimat.com.ar\/destacados2022\/wp-json\/wp\/v2\/pages\/1488\/revisions"}],"predecessor-version":[{"id":1644,"href":"https:\/\/codimat.com.ar\/destacados2022\/wp-json\/wp\/v2\/pages\/1488\/revisions\/1644"}],"wp:attachment":[{"href":"https:\/\/codimat.com.ar\/destacados2022\/wp-json\/wp\/v2\/media?parent=1488"}],"curies":[{"name":"wp","href":"https:\/\/api.w.org\/{rel}","templated":true}]}}